{"id":13185,"date":"2021-03-09T22:40:49","date_gmt":"2021-03-09T21:40:49","guid":{"rendered":"https:\/\/itreseller.com.pl\/itchampions\/?page_id=13185"},"modified":"2021-03-10T18:35:35","modified_gmt":"2021-03-10T17:35:35","slug":"it-champions-2019","status":"publish","type":"page","link":"https:\/\/itreseller.pl\/itchampions\/it-champions-2019\/","title":{"rendered":"IT CHAMPIONS 2019"},"content":{"rendered":"<p>[vc_section full_width=&#8221;stretch_row_content&#8221; css=&#8221;.vc_custom_1615327390968{margin-bottom: 40px !important;}&#8221;][vc_row][vc_column css=&#8221;.vc_custom_1615327416462{padding-right: 0px !important;padding-left: 0px !important;}&#8221;][vc_video link=&#8221;https:\/\/youtu.be\/VaMGHrj2F3Y&#8221; el_aspect=&#8221;235&#8243; align=&#8221;center&#8221; css=&#8221;.vc_custom_1615327345742{padding-right: 0px !important;padding-left: 0px !important;}&#8221;][\/vc_column][\/vc_row][\/vc_section][vc_row el_class=&#8221;edgtf-sidebar&#8221;][vc_column width=&#8221;3\/4&#8243;]<div class=\"edgtf-title-section-holder\">\n\t\t\t<h2 class=\"edgtf-title-with-dots\" style=\"color:#000000\">\n\t\t\tIT CHAMPIONS 2019\t\t<\/h2>\n\t\t<span class=\"edge-title-separator edge-disable-separator\" ><\/span>\n\n\t<\/div>[vc_empty_space height=&#8221;10px&#8221;][vc_column_text]<strong>Po raz kolejny, w imieniu czytelnik\u00f3w wydawnictwa oraz niezale\u017cnego grona dziennikarzy uhonorowali\u015bmy najlepsze firmy oraz lider\u00f3w bran\u017cy IT, niezwykle presti\u017cowym tytu\u0142em IT Champion 2019.<\/strong><\/p>\n<p>&nbsp;<\/p>\n<p>Impreza odby\u0142a si\u0119 w klubie Panorama Sky Bar, mieszcz\u0105cym si\u0119 na 40 pi\u0119trze hotelu Marriott w Warszawie. Statuetki w imieniu ca\u0142ej bran\u017cy IT, \u00a0wr\u0119czyli\u00a0<strong>Micha\u0142 Kanownik\u00a0<\/strong>\u2013 Prezes Zwi\u0105zku Cyfrowa Polska, kt\u00f3ry kilka dni temu ju\u017c po raz trzeci zosta\u0142 wybrany na Prezesa zwi\u0105zku, \u00a0<strong>Andrzej Dulka\u00a0<\/strong>\u2013 nowo powo\u0142any Prezes Polskiej Izby Informatyki i Telekomunikacji (PIIT) oraz\u00a0<strong>Mariusz Laurisz,\u00a0<\/strong>Wydawca i Redaktor Naczelny Wydawnictwa IT Reseller.<\/p>\n<p>&nbsp;<\/p>\n<p><img loading=\"lazy\" decoding=\"async\" class=\"aligncenter size-full wp-image-27234\" src=\"https:\/\/itreseller.pl\/wp-content\/uploads\/2019\/05\/GAM_6387.jpg\" alt=\"\" width=\"2048\" height=\"1365\" \/><\/p>\n<p>&nbsp;<\/p>\n<p>Uroczyst\u0105 Gal\u0119 zainaugurowa\u0142 wyk\u0142ad specjalnego go\u015bcia, filozofa,\u00a0<strong>Jaros\u0142awa Marka Spycha\u0142y (Universit\u00e4t Konstanz),<\/strong>\u00a0kt\u00f3ry swoim niezwyk\u0142ym wyst\u0105pieniem inspirowa\u0142 obecnych na sali do odwa\u017cnego poszukiwania przewagi strategicznej dla swoich firm. Na zako\u0144czenie ka\u017cdy z przyby\u0142ych go\u015bci otrzyma\u0142 niezwyk\u0142y prezent niespodziank\u0119 w postaci najnowszej ksi\u0105\u017cki naszego profesora<strong>\u00a0\u201cJaskinia \u2013 Droga Rebeliant\u00f3w\u201d<\/strong>.<\/p>\n<p>&nbsp;<\/p>\n<blockquote><p>\u201eTo wielki zaszczyt podejmowa\u0107 oraz m\u00f3c nagrodzi\u0107 tak znakomitych go\u015bci, bez w\u0105tpienia elit\u0119 bran\u017cy IT w Polsce.\u201d \u2013 powiedzia\u0142 rozpoczynaj\u0105c gal\u0119\u00a0<strong>Mariusz Laurisz, Wydawca i Redaktor Naczelny Wydawnictwa IT Reseller.<\/strong><\/p><\/blockquote>\n<p><em>\u00a0<\/em><\/p>\n<p>Patronat nad gal\u0105 IT Champions 2019, obj\u0119\u0142a Polska Izba Informatyki i Telekomunikacji \u2013 PIIT, Zwi\u0105zek Cyfrowa Polska \u2013 ZIPSEE oraz najwi\u0119kszy serwis ds. cyberbezpiecze\u0144stwaw Polsce \u2013 CYBERDEFENCE 24.<\/p>\n<p>&nbsp;<\/p>\n<p>&nbsp;<\/p>\n<p><strong>Zobacz poni\u017cszy film i poznaj laureat\u00f3w IT Champions 2019, lub przejd\u017a ni\u017cej do fotorelacji.<br \/>\n<\/strong><\/p>\n<p><iframe loading=\"lazy\" title=\"Uroczysta Gala IT Champions 2019 wydawnictwa IT Reseller. Sprawd\u017a laureat\u00f3w tytu\u0142u IT Champion 2019!\" src=\"https:\/\/www.youtube.com\/embed\/VaMGHrj2F3Y?feature=oembed\" width=\"500\" height=\"281\" frameborder=\"0\" allowfullscreen=\"allowfullscreen\" data-mce-fragment=\"1\"><\/iframe><\/p>\n<p>&nbsp;<\/p>\n<p>&nbsp;<\/p>\n<h4><strong>Laureaci IT CHAMPIONS 2019<\/strong><\/h4>\n<h4><strong>PRODUCENCI<\/strong><\/h4>\n<p>&nbsp;<\/p>\n<p><img loading=\"lazy\" decoding=\"async\" class=\"aligncenter size-full wp-image-27203\" src=\"https:\/\/itreseller.pl\/wp-content\/uploads\/2019\/05\/GAM_6432.jpg\" alt=\"\" width=\"2048\" height=\"1365\" \/><\/p>\n<p>Producent Roku w kategorii\u00a0<strong>NOTEBOOKI<\/strong><\/p>\n<h4><strong>LENOVO POLAND<\/strong><\/h4>\n<ul>\n<li>w imieniu firmy Lenovo, tytu\u0142 odebra\u0142 Roman Sioda.<\/li>\n<\/ul>\n<p>&nbsp;<\/p>\n<p><img loading=\"lazy\" decoding=\"async\" class=\"aligncenter size-full wp-image-27210\" src=\"https:\/\/itreseller.pl\/wp-content\/uploads\/2019\/05\/GAM_6459.jpg\" alt=\"\" width=\"2048\" height=\"1365\" \/><\/p>\n<p>Producent Roku w kategorii\u00a0<strong>KOMPUTERY I STACJE ROBOCZE<\/strong><\/p>\n<h4><strong>HP Inc Polska<\/strong><\/h4>\n<ul>\n<li>w imieniu firmy HP Inc Polska, tytu\u0142 osobi\u015bcie odebra\u0142 Prezes Marcin Olszewski.<\/li>\n<\/ul>\n<p>&nbsp;<\/p>\n<p><img loading=\"lazy\" decoding=\"async\" class=\"aligncenter size-full wp-image-27208\" src=\"https:\/\/itreseller.pl\/wp-content\/uploads\/2019\/05\/GAM_6465-1.jpg\" alt=\"\" width=\"2048\" height=\"1365\" \/><\/p>\n<p>Producent Roku w kategorii\u00a0<strong>GAMING<\/strong><\/p>\n<h4><strong>INTEL<\/strong><\/h4>\n<ul>\n<li>w imieniu firmy Intel, tytu\u0142 odebra\u0142a Aleksandra Bojanowska.<\/li>\n<\/ul>\n<p>&nbsp;<\/p>\n<p><img loading=\"lazy\" decoding=\"async\" class=\"aligncenter size-full wp-image-27211\" src=\"https:\/\/itreseller.pl\/wp-content\/uploads\/2019\/05\/GAM_6476.jpg\" alt=\"\" width=\"2048\" height=\"1365\" \/><\/p>\n<p>Producent Roku w kategorii\u00a0<strong>MOBILE \/ SMARTFONY I TABLETY<\/strong><\/p>\n<h4><strong>HUAWEI Polska<\/strong><\/h4>\n<ul>\n<li>w imieniu firmy Huawei Polska, tytu\u0142 odebra\u0142 osobi\u015bcie Ryszard Hordy\u0144ski.<\/li>\n<\/ul>\n<p>&nbsp;<\/p>\n<p><img loading=\"lazy\" decoding=\"async\" class=\"aligncenter size-full wp-image-27212\" src=\"https:\/\/itreseller.pl\/wp-content\/uploads\/2019\/05\/GAM_6497.jpg\" alt=\"\" width=\"2048\" height=\"1365\" \/><\/p>\n<p>Producent Roku w kategorii\u00a0<strong>DRUK ATRAMENTOWY<\/strong><\/p>\n<h4><strong>EPSON<\/strong><\/h4>\n<ul>\n<li>w imieniu firmy EPSON, tytu\u0142 osobi\u015bcie odebra\u0142 szef Krzysztof Modrzewski.<\/li>\n<\/ul>\n<p>&nbsp;<\/p>\n<p><img loading=\"lazy\" decoding=\"async\" class=\"aligncenter size-full wp-image-27204\" src=\"https:\/\/itreseller.pl\/wp-content\/uploads\/2019\/05\/GAM_6519.jpg\" alt=\"\" width=\"2048\" height=\"1365\" \/><\/p>\n<p>Producent Roku w kategorii\u00a0<strong>DRUK LASEROWY<\/strong><\/p>\n<h4><strong>HP Inc Polska<\/strong><\/h4>\n<ul>\n<li>w imieniu firmy HP Inc Polska, tytu\u0142 osobi\u015bcie odebra\u0142 Prezes Marcin Olszewski.<\/li>\n<\/ul>\n<p>&nbsp;<\/p>\n<p><img loading=\"lazy\" decoding=\"async\" class=\"aligncenter size-full wp-image-27213\" src=\"https:\/\/itreseller.pl\/wp-content\/uploads\/2019\/05\/GAM_6538.jpg\" alt=\"\" width=\"2048\" height=\"1365\" \/><\/p>\n<p>Producent Roku w kategorii\u00a0<strong>DIGITAL SIGNAGE<\/strong><\/p>\n<h4><strong>M4B S.A.<\/strong><\/h4>\n<ul>\n<li>tytu\u0142 w imieniu firmy M4B S.A., odebrali Prezes Jaros\u0142aw Le\u015bniewski oraz Micha\u0142 Dolaszy\u0144ski.<\/li>\n<\/ul>\n<p>&nbsp;<\/p>\n<p><img loading=\"lazy\" decoding=\"async\" class=\"aligncenter size-full wp-image-27304\" src=\"https:\/\/itreseller.pl\/wp-content\/uploads\/2019\/05\/IT-Champion-2019-Grzegorz-Bak-EDBAK.jpg\" alt=\"\" width=\"2048\" height=\"1365\" \/><\/p>\n<p>&nbsp;<\/p>\n<p>Producent Roku w kategorii\u00a0<strong>ROZWI\u0104ZANIA AV<\/strong><\/p>\n<h4><strong>EDBAK<\/strong><\/h4>\n<ul>\n<li>tytu\u0142 w imieniu firmy EDBAK, osobi\u015bcie odebra\u0142 Wiceprezes Grzegorz B\u0105k.<\/li>\n<\/ul>\n<p>&nbsp;<\/p>\n<p><img loading=\"lazy\" decoding=\"async\" class=\"aligncenter size-full wp-image-27216\" src=\"https:\/\/itreseller.pl\/wp-content\/uploads\/2019\/05\/GAM_6576.jpg\" alt=\"\" width=\"2048\" height=\"1365\" \/><\/p>\n<p>Producent Roku w kategorii\u00a0<strong>RETAIL<\/strong><\/p>\n<h4><strong>M4B S.A.<\/strong><\/h4>\n<ul>\n<li>tytu\u0142 w imieniu firmy M4B S.A., osobi\u015bcie odebra\u0142 Prezes Jaros\u0142aw Le\u015bniewski.<\/li>\n<\/ul>\n<p>&nbsp;<\/p>\n<p><img loading=\"lazy\" decoding=\"async\" class=\"aligncenter size-full wp-image-27217\" src=\"https:\/\/itreseller.pl\/wp-content\/uploads\/2019\/05\/GAM_6593.jpg\" alt=\"\" width=\"2048\" height=\"1365\" \/><\/p>\n<p>Producent Roku w kategorii\u00a0<strong>ROZWI\u0104ZANIA DLA BIZNESU<\/strong><\/p>\n<h4><strong>DELL Technologies Polska<\/strong><\/h4>\n<ul>\n<li>w imieniu firmy Dell Technologies, tytu\u0142 odebra\u0142 Robert Domaga\u0142a.<\/li>\n<\/ul>\n<p>&nbsp;<\/p>\n<p><img loading=\"lazy\" decoding=\"async\" class=\"aligncenter size-full wp-image-27219\" src=\"https:\/\/itreseller.pl\/wp-content\/uploads\/2019\/05\/GAM_6608.jpg\" alt=\"\" width=\"2048\" height=\"1367\" \/><\/p>\n<p>Producent Roku w kategorii\u00a0<strong>ROZWI\u0104ZANIA DLA EDUKACJI<\/strong><\/p>\n<h4><strong>EPSON<\/strong><\/h4>\n<ul>\n<li>w imieniu firmy EPSON, tytu\u0142 osobi\u015bcie odebra\u0142 szef Krzysztof Modrzewski.<\/li>\n<\/ul>\n<p>&nbsp;<\/p>\n<p><img loading=\"lazy\" decoding=\"async\" class=\"aligncenter size-full wp-image-27221\" src=\"https:\/\/itreseller.pl\/wp-content\/uploads\/2019\/05\/GAM_6164.jpg\" alt=\"\" width=\"2048\" height=\"1365\" \/><\/p>\n<p>Producent Roku w kategorii\u00a0<strong>CHMURA ROKU<\/strong><\/p>\n<h4><strong>ORACLE<\/strong><\/h4>\n<p>&nbsp;<\/p>\n<p><img loading=\"lazy\" decoding=\"async\" class=\"aligncenter size-full wp-image-27218\" src=\"https:\/\/itreseller.pl\/wp-content\/uploads\/2019\/05\/GAM_6615.jpg\" alt=\"\" width=\"2048\" height=\"1365\" \/><\/p>\n<p>Producent Roku w kategorii\u00a0<strong>MULTICLOUD<\/strong><\/p>\n<h4><strong>Dell Technologies Polska<\/strong><\/h4>\n<ul>\n<li>w imieniu firmy Dell Technologies, tytu\u0142 odebra\u0142 Robert Domaga\u0142a.<\/li>\n<\/ul>\n<p>&nbsp;<\/p>\n<p><img loading=\"lazy\" decoding=\"async\" class=\"aligncenter size-full wp-image-27222\" src=\"https:\/\/itreseller.pl\/wp-content\/uploads\/2019\/05\/GAM_6636.jpg\" alt=\"\" width=\"2048\" height=\"1367\" \/><\/p>\n<p>Producent Roku w kategorii\u00a0<strong>CHMURA HYBRYDOWA<\/strong><\/p>\n<h4><strong>IBM Polska<\/strong><\/h4>\n<ul>\n<li>w imieniu firmy IBM Polska, tytu\u0142 odebra\u0142 Przemys\u0142aw Gali\u0144ski.<\/li>\n<\/ul>\n<p>&nbsp;<\/p>\n<p><img loading=\"lazy\" decoding=\"async\" class=\"aligncenter size-full wp-image-27224\" src=\"https:\/\/itreseller.pl\/wp-content\/uploads\/2019\/05\/GAM_6647.jpg\" alt=\"\" width=\"2048\" height=\"1365\" \/><\/p>\n<p>Producent Roku w kategorii\u00a0<strong>TELEKOMUNUKACJA \/ TELEINFORMATYKA \/ 5G<\/strong><\/p>\n<h4><strong>HUAWEI Polska<\/strong><\/h4>\n<ul>\n<li>w imieniu firmy Huawei Polska, tytu\u0142 odebra\u0142 osobi\u015bcie Ryszard Hordy\u0144ski.<\/li>\n<\/ul>\n<p>&nbsp;<\/p>\n<p><img loading=\"lazy\" decoding=\"async\" class=\"aligncenter size-full wp-image-27226\" src=\"https:\/\/itreseller.pl\/wp-content\/uploads\/2019\/05\/IT-Champion-2019-HPE.jpg\" alt=\"\" width=\"2048\" height=\"1365\" \/><\/p>\n<p>Producent Roku w kategorii\u00a0<strong>DATA SYSTEMS<\/strong><\/p>\n<h4><strong>Hewlett Packard Enterprise<\/strong><\/h4>\n<ul>\n<li>w imieniu firmy HPE, tytu\u0142 odebra\u0142 Piotr Zacharek.<\/li>\n<\/ul>\n<p>&nbsp;<\/p>\n<p><img loading=\"lazy\" decoding=\"async\" class=\"aligncenter size-full wp-image-27223\" src=\"https:\/\/itreseller.pl\/wp-content\/uploads\/2019\/05\/GAM_6676.jpg\" alt=\"\" width=\"2048\" height=\"1365\" \/><\/p>\n<p>Producent Roku w kategorii\u00a0<strong>DATA PROTECTION<\/strong><\/p>\n<h4><strong>FUJITSU Polska<\/strong><\/h4>\n<ul>\n<li>w imieniu firmy Fujitsu Polska, tytu\u0142 osobi\u015bcie odebra\u0142 Prezes Dariusz Kwieci\u0144ski.<\/li>\n<\/ul>\n<p>&nbsp;<\/p>\n<p><img loading=\"lazy\" decoding=\"async\" class=\"aligncenter size-full wp-image-27227\" src=\"https:\/\/itreseller.pl\/wp-content\/uploads\/2019\/05\/GAM_6687.jpg\" alt=\"\" width=\"2048\" height=\"1365\" \/><\/p>\n<p>Producent Roku w kategorii\u00a0<strong>SERWERY I PAMI\u0118CI MASOWE<\/strong><\/p>\n<h4><strong>HUAWEI Polska<\/strong><\/h4>\n<ul>\n<li>w imieniu firmy Huawei Polska, tytu\u0142 odebra\u0142 Dariusz Dobkowski.<\/li>\n<\/ul>\n<p>&nbsp;<\/p>\n<p><strong><img loading=\"lazy\" decoding=\"async\" class=\"aligncenter size-full wp-image-27221\" src=\"https:\/\/itreseller.pl\/wp-content\/uploads\/2019\/05\/GAM_6164.jpg\" alt=\"\" width=\"2048\" height=\"1365\" \/><\/strong><\/p>\n<p>Producentem Roku w kategorii\u00a0<strong>SYSTEMY ERP<\/strong><\/p>\n<h4><strong>SAP Polska<\/strong><\/h4>\n<p>&nbsp;<\/p>\n<p><img loading=\"lazy\" decoding=\"async\" class=\"aligncenter size-full wp-image-27228\" src=\"https:\/\/itreseller.pl\/wp-content\/uploads\/2019\/05\/GAM_6713.jpg\" alt=\"\" width=\"2048\" height=\"1365\" \/><\/p>\n<p>Producent Roku w kategorii\u00a0<strong>NETWORKING \/ ROZWI\u0104ZANIA SIECIOWE<\/strong><\/p>\n<h4><strong>HUAWEI Polska<\/strong><\/h4>\n<ul>\n<li>tytu\u0142 w imieniu firmy Huawei Polska, osobi\u015bcie odebra\u0142 Andrey Xu.<\/li>\n<\/ul>\n<p>&nbsp;<\/p>\n<p><img loading=\"lazy\" decoding=\"async\" class=\"aligncenter size-full wp-image-27229\" src=\"https:\/\/itreseller.pl\/wp-content\/uploads\/2019\/05\/GAM_6733.jpg\" alt=\"\" width=\"2048\" height=\"1365\" \/><\/p>\n<p>Producent Roku w kategorii\u00a0<strong>CYBERBEZPIECZE\u0143STWO<\/strong><\/p>\n<h4><strong>IBM Polska<\/strong><\/h4>\n<ul>\n<li>w imieniu firmy IBM Polska, tytu\u0142 odebra\u0142 Przemys\u0142aw Gali\u0144ski.<\/li>\n<\/ul>\n<p>&nbsp;<\/p>\n<p><img loading=\"lazy\" decoding=\"async\" class=\"aligncenter size-full wp-image-27230\" src=\"https:\/\/itreseller.pl\/wp-content\/uploads\/2019\/05\/GAM_6724.jpg\" alt=\"\" width=\"2048\" height=\"1365\" \/><\/p>\n<p>Producent Roku<\/p>\n<h4><strong>HUAWEI Polska<\/strong><\/h4>\n<ul>\n<li>tytu\u0142 w imieniu firmy Huawei Polska, osobi\u015bcie odebra\u0142 Andrey Xu.<\/li>\n<\/ul>\n<p>&nbsp;<\/p>\n<p>&nbsp;<\/p>\n<h4><strong>Laureaci IT CHAMPIONS 2019<\/strong><\/h4>\n<h4><strong>DYSTRYBUCJA I KANA\u0141 PARTNERSKI<\/strong><\/h4>\n<p>&nbsp;<\/p>\n<p><img loading=\"lazy\" decoding=\"async\" class=\"aligncenter size-full wp-image-27189\" src=\"https:\/\/itreseller.pl\/wp-content\/uploads\/2019\/05\/GAM_6769.jpg\" alt=\"\" width=\"2048\" height=\"1365\" \/><\/p>\n<p><strong>Dystrybutor Roku<\/strong><\/p>\n<h4>AB S.A.<\/h4>\n<ul>\n<li>tytu\u0142 w imieniu firmy AB S.A, osobi\u015bcie odebra\u0142 Zbigniew M\u0105dry.<\/li>\n<\/ul>\n<p>&nbsp;<\/p>\n<p>&nbsp;<\/p>\n<p><img loading=\"lazy\" decoding=\"async\" class=\"aligncenter size-full wp-image-27279\" src=\"https:\/\/itreseller.pl\/wp-content\/uploads\/2019\/05\/GAM_6786.jpg\" alt=\"\" width=\"2048\" height=\"1367\" \/><\/p>\n<p><strong>Dystrybutor VAD<\/strong><\/p>\n<h4>INGRAM MICRO<\/h4>\n<ul>\n<li>tytu\u0142 w imieniu firmy INGRAN MICRO, odebrali Wioletta Pastyrczyk-Biskupska wraz z Piotrem Murga\u0142\u0105.<\/li>\n<\/ul>\n<p>&nbsp;<\/p>\n<p><img loading=\"lazy\" decoding=\"async\" class=\"aligncenter size-full wp-image-27197\" src=\"https:\/\/itreseller.pl\/wp-content\/uploads\/2019\/05\/GAM_6802.jpg\" alt=\"\" width=\"2048\" height=\"1365\" \/><\/p>\n<p><strong>Dystrybutor Specjalizowany<\/strong><\/p>\n<h4><strong>APN PROMISE<\/strong><\/h4>\n<ul>\n<li>tytu\u0142 w imieniu firmy APN Promise, osobi\u015bcie odebra\u0142a Ma\u0142gorzata Doma\u0144ska-Skrok.<\/li>\n<\/ul>\n<p>&nbsp;<\/p>\n<p><img loading=\"lazy\" decoding=\"async\" class=\"aligncenter size-full wp-image-27196\" src=\"https:\/\/itreseller.pl\/wp-content\/uploads\/2019\/05\/GAM_6827.jpg\" alt=\"\" width=\"2048\" height=\"1365\" \/><\/p>\n<p><strong>Centrum Szkole\u0144 i Edukacji IT<\/strong><\/p>\n<h4><strong>ACTION BUSINESS CENTER<\/strong><\/h4>\n<ul>\n<li>tytu\u0142 w imieniu firmy Action S.A., osobi\u015bcie odebra\u0142a Piotr G\u0142ydziak<\/li>\n<\/ul>\n<p>&nbsp;<\/p>\n<p><img loading=\"lazy\" decoding=\"async\" class=\"aligncenter size-full wp-image-27195\" src=\"https:\/\/itreseller.pl\/wp-content\/uploads\/2019\/05\/GAM_6839.jpg\" alt=\"\" width=\"2048\" height=\"1365\" \/><\/p>\n<p><strong>Business Partner Roku<\/strong><\/p>\n<h4><strong>KOMPUTRONIK BIZNES<\/strong><\/h4>\n<ul>\n<li>tytu\u0142 w imieniu firmy Komputronik Biznes, osobi\u015bcie odebra\u0142 Sebastian Paw\u0142owski.<\/li>\n<\/ul>\n<p>&nbsp;<\/p>\n<p><img loading=\"lazy\" decoding=\"async\" class=\"aligncenter size-full wp-image-27194\" src=\"https:\/\/itreseller.pl\/wp-content\/uploads\/2019\/05\/GAM_6868.jpg\" alt=\"\" width=\"2048\" height=\"1365\" \/><\/p>\n<p><strong>Dyrektor Marketingu i Sprzeda\u017cy<\/strong><\/p>\n<h4>Patrycja Gawarecka, AB S.A.<\/h4>\n<p>&nbsp;<\/p>\n<p><img loading=\"lazy\" decoding=\"async\" class=\"aligncenter size-full wp-image-27193\" src=\"https:\/\/itreseller.pl\/wp-content\/uploads\/2019\/05\/GAM_6899.jpg\" alt=\"\" width=\"2048\" height=\"1365\" \/><\/p>\n<p><strong>Szef Kana\u0142u Partnerskiego<\/strong><\/p>\n<h4>Maciej Deka, HP Inc Polska<\/h4>\n<p>&nbsp;<\/p>\n<p><img loading=\"lazy\" decoding=\"async\" class=\"aligncenter size-full wp-image-27192\" src=\"https:\/\/itreseller.pl\/wp-content\/uploads\/2019\/05\/GAM_6875.jpg\" alt=\"\" width=\"2048\" height=\"1367\" \/><\/p>\n<p><strong>Program Partnerski<\/strong><\/p>\n<h4>HP Inc Polska<\/h4>\n<ul>\n<li>tytu\u0142 w imieniu firmy HP Inc Polska, osobi\u015bcie odebra\u0142 Maciej Deka, Channel Country Manager<\/li>\n<\/ul>\n<p>&nbsp;<\/p>\n<p>&nbsp;<\/p>\n<h4><strong>IT CHAMPIONS 2019<\/strong><\/h4>\n<h4><strong>NAGRODY SPECJALNE OD REDAKCJI<\/strong><\/h4>\n<p>&nbsp;<\/p>\n<p><img loading=\"lazy\" decoding=\"async\" class=\"aligncenter size-full wp-image-27190\" src=\"https:\/\/itreseller.pl\/wp-content\/uploads\/2019\/05\/GAM_6907.jpg\" alt=\"\" width=\"2048\" height=\"1365\" \/><\/p>\n<p>Laureatem w kategorii\u00a0<strong>Osobowo\u015b\u0107 Bran\u017cy IT<\/strong><\/p>\n<h4><strong>Zarz\u0105d Komputronik Biznes<\/strong><\/h4>\n<ul>\n<li>tytu\u0142 w imieniu ca\u0142ego zarz\u0105du, osobi\u015bcie odebra\u0142 Sebastian Paw\u0142owski, wiceprezes Zarz\u0105du.<\/li>\n<\/ul>\n<p>&nbsp;<\/p>\n<p><img loading=\"lazy\" decoding=\"async\" class=\"aligncenter size-full wp-image-27191\" src=\"https:\/\/itreseller.pl\/wp-content\/uploads\/2019\/05\/GAM_6762.jpg\" alt=\"\" width=\"2048\" height=\"1367\" \/><\/p>\n<p>Laureatem w kategorii\u00a0<strong>Osobowo\u015b\u0107 Bran\u017cy IT<\/strong><\/p>\n<h4><strong>Zbigniew M\u0105dry, AB S.A.<\/strong><\/h4>\n<p>&nbsp;<\/p>\n<p><img loading=\"lazy\" decoding=\"async\" class=\"aligncenter size-full wp-image-27188\" src=\"https:\/\/itreseller.pl\/wp-content\/uploads\/2019\/05\/GAM_6950.jpg\" alt=\"\" width=\"2048\" height=\"1365\" \/><\/p>\n<p>Laureatem w kategorii\u00a0<strong>Osobowo\u015b\u0107 Bran\u017cy IT<\/strong><\/p>\n<h4><strong>Dariusz Piotrowski, Dell Technologies Polska<\/strong><\/h4>\n<ul>\n<li>w imieniu Dariusz Piotrowskiego tytu\u0142 odebra\u0142 Robert Domaga\u0142a, Dell Technologies Polska.<\/li>\n<\/ul>\n<p>&nbsp;<\/p>\n<p>&nbsp;<\/p>\n<blockquote><p>\u201eWszystkim obecnym i laureatom, bardzo serdecznie gratulujemy. Dzi\u0119kujemy \u017ce byli\u015bcie z nami, do zobaczenia za rok na naszej specjalnej imprezie z okazji 18-lecia tytu\u0142u na rynku.\u201d \u2013 doda\u0142 na zako\u0144czenie\u00a0<strong>Mariusz Laurisz, Wydawca i Redaktor Naczelny Wydawnictwa IT Reseller.<\/strong><\/p><\/blockquote>\n<p>[\/vc_column_text][\/vc_column][vc_column width=&#8221;1\/4&#8243;][vc_widget_sidebar sidebar_id=&#8221;content-bottom&#8221; el_class=&#8221;postid-13035&#8243;][\/vc_column][\/vc_row]<\/p>\n","protected":false},"excerpt":{"rendered":"<p>[vc_section full_width=&#8221;stretch_row_content&#8221; css=&#8221;.vc_custom_1615327390968{margin-bottom: 40px !important;}&#8221;][vc_row][vc_column css=&#8221;.vc_custom_1615327416462{padding-right: 0px !important;padding-left: 0px !important;}&#8221;][vc_video link=&#8221;https:\/\/youtu.be\/VaMGHrj2F3Y&#8221; el_aspect=&#8221;235&#8243; align=&#8221;center&#8221; css=&#8221;.vc_custom_1615327345742{padding-right: 0px !important;padding-left: 0px !important;}&#8221;][\/vc_column][\/vc_row][\/vc_section][vc_row el_class=&#8221;edgtf-sidebar&#8221;][vc_column width=&#8221;3\/4&#8243;][vc_empty_space height=&#8221;10px&#8221;][vc_column_text]Po raz kolejny, w imieniu czytelnik\u00f3w wydawnictwa oraz niezale\u017cnego grona dziennikarzy uhonorowali\u015bmy najlepsze firmy oraz lider\u00f3w bran\u017cy IT, niezwykle presti\u017cowym tytu\u0142em IT Champion 2019. &nbsp;&#8230;<\/p>\n","protected":false},"author":1,"featured_media":0,"parent":0,"menu_order":0,"comment_status":"closed","ping_status":"closed","template":"","meta":{"footnotes":""},"class_list":["post-13185","page","type-page","status-publish","hentry"],"yoast_head":"<!-- This site is optimized with the Yoast SEO plugin v20.5 - https:\/\/yoast.com\/wordpress\/plugins\/seo\/ -->\n<title>IT CHAMPIONS 2019 - ITChampions<\/title>\n<meta name=\"robots\" content=\"index, follow, max-snippet:-1, max-image-preview:large, max-video-preview:-1\" \/>\n<link rel=\"canonical\" href=\"https:\/\/itreseller.pl\/itchampions\/it-champions-2019\/\" \/>\n<meta property=\"og:locale\" content=\"pl_PL\" \/>\n<meta property=\"og:type\" content=\"article\" \/>\n<meta property=\"og:title\" content=\"IT CHAMPIONS 2019 - ITChampions\" \/>\n<meta property=\"og:description\" content=\"[vc_section full_width=&#8221;stretch_row_content&#8221; css=&#8221;.vc_custom_1615327390968{margin-bottom: 40px !important;}&#8221;][vc_row][vc_column css=&#8221;.vc_custom_1615327416462{padding-right: 0px !important;padding-left: 0px !important;}&#8221;][vc_video link=&#8221;https:\/\/youtu.be\/VaMGHrj2F3Y&#8221; el_aspect=&#8221;235&#8243; align=&#8221;center&#8221; css=&#8221;.vc_custom_1615327345742{padding-right: 0px !important;padding-left: 0px !important;}&#8221;][\/vc_column][\/vc_row][\/vc_section][vc_row el_class=&#8221;edgtf-sidebar&#8221;][vc_column width=&#8221;3\/4&#8243;][vc_empty_space height=&#8221;10px&#8221;][vc_column_text]Po raz kolejny, w imieniu czytelnik\u00f3w wydawnictwa oraz niezale\u017cnego grona dziennikarzy uhonorowali\u015bmy najlepsze firmy oraz lider\u00f3w bran\u017cy IT, niezwykle presti\u017cowym tytu\u0142em IT Champion 2019. &nbsp;...\" \/>\n<meta property=\"og:url\" content=\"https:\/\/itreseller.pl\/itchampions\/it-champions-2019\/\" \/>\n<meta property=\"og:site_name\" content=\"ITChampions\" \/>\n<meta property=\"article:modified_time\" content=\"2021-03-10T17:35:35+00:00\" \/>\n<meta property=\"og:image\" content=\"https:\/\/itreseller.pl\/wp-content\/uploads\/2019\/05\/GAM_6387.jpg\" \/>\n<meta name=\"twitter:card\" content=\"summary_large_image\" \/>\n<meta name=\"twitter:label1\" content=\"Szacowany czas czytania\" \/>\n\t<meta name=\"twitter:data1\" content=\"5 minut\" \/>\n<script type=\"application\/ld+json\" class=\"yoast-schema-graph\">{\"@context\":\"https:\/\/schema.org\",\"@graph\":[{\"@type\":\"WebPage\",\"@id\":\"https:\/\/itreseller.pl\/itchampions\/it-champions-2019\/\",\"url\":\"https:\/\/itreseller.pl\/itchampions\/it-champions-2019\/\",\"name\":\"IT CHAMPIONS 2019 - ITChampions\",\"isPartOf\":{\"@id\":\"https:\/\/itreseller.pl\/itchampions\/#website\"},\"datePublished\":\"2021-03-09T21:40:49+00:00\",\"dateModified\":\"2021-03-10T17:35:35+00:00\",\"breadcrumb\":{\"@id\":\"https:\/\/itreseller.pl\/itchampions\/it-champions-2019\/#breadcrumb\"},\"inLanguage\":\"pl-PL\",\"potentialAction\":[{\"@type\":\"ReadAction\",\"target\":[\"https:\/\/itreseller.pl\/itchampions\/it-champions-2019\/\"]}]},{\"@type\":\"BreadcrumbList\",\"@id\":\"https:\/\/itreseller.pl\/itchampions\/it-champions-2019\/#breadcrumb\",\"itemListElement\":[{\"@type\":\"ListItem\",\"position\":1,\"name\":\"Strona g\u0142\u00f3wna\",\"item\":\"https:\/\/itreseller.pl\/itchampions\/\"},{\"@type\":\"ListItem\",\"position\":2,\"name\":\"IT CHAMPIONS 2019\"}]},{\"@type\":\"WebSite\",\"@id\":\"https:\/\/itreseller.pl\/itchampions\/#website\",\"url\":\"https:\/\/itreseller.pl\/itchampions\/\",\"name\":\"ITChampions\",\"description\":\"Mistrzowie nowych technologii\",\"potentialAction\":[{\"@type\":\"SearchAction\",\"target\":{\"@type\":\"EntryPoint\",\"urlTemplate\":\"https:\/\/itreseller.pl\/itchampions\/?s={search_term_string}\"},\"query-input\":\"required name=search_term_string\"}],\"inLanguage\":\"pl-PL\"}]}<\/script>\n<!-- \/ Yoast SEO plugin. -->","yoast_head_json":{"title":"IT CHAMPIONS 2019 - ITChampions","robots":{"index":"index","follow":"follow","max-snippet":"max-snippet:-1","max-image-preview":"max-image-preview:large","max-video-preview":"max-video-preview:-1"},"canonical":"https:\/\/itreseller.pl\/itchampions\/it-champions-2019\/","og_locale":"pl_PL","og_type":"article","og_title":"IT CHAMPIONS 2019 - ITChampions","og_description":"[vc_section full_width=&#8221;stretch_row_content&#8221; css=&#8221;.vc_custom_1615327390968{margin-bottom: 40px !important;}&#8221;][vc_row][vc_column css=&#8221;.vc_custom_1615327416462{padding-right: 0px !important;padding-left: 0px !important;}&#8221;][vc_video link=&#8221;https:\/\/youtu.be\/VaMGHrj2F3Y&#8221; el_aspect=&#8221;235&#8243; align=&#8221;center&#8221; css=&#8221;.vc_custom_1615327345742{padding-right: 0px !important;padding-left: 0px !important;}&#8221;][\/vc_column][\/vc_row][\/vc_section][vc_row el_class=&#8221;edgtf-sidebar&#8221;][vc_column width=&#8221;3\/4&#8243;][vc_empty_space height=&#8221;10px&#8221;][vc_column_text]Po raz kolejny, w imieniu czytelnik\u00f3w wydawnictwa oraz niezale\u017cnego grona dziennikarzy uhonorowali\u015bmy najlepsze firmy oraz lider\u00f3w bran\u017cy IT, niezwykle presti\u017cowym tytu\u0142em IT Champion 2019. &nbsp;...","og_url":"https:\/\/itreseller.pl\/itchampions\/it-champions-2019\/","og_site_name":"ITChampions","article_modified_time":"2021-03-10T17:35:35+00:00","og_image":[{"url":"https:\/\/itreseller.pl\/wp-content\/uploads\/2019\/05\/GAM_6387.jpg"}],"twitter_card":"summary_large_image","twitter_misc":{"Szacowany czas czytania":"5 minut"},"schema":{"@context":"https:\/\/schema.org","@graph":[{"@type":"WebPage","@id":"https:\/\/itreseller.pl\/itchampions\/it-champions-2019\/","url":"https:\/\/itreseller.pl\/itchampions\/it-champions-2019\/","name":"IT CHAMPIONS 2019 - ITChampions","isPartOf":{"@id":"https:\/\/itreseller.pl\/itchampions\/#website"},"datePublished":"2021-03-09T21:40:49+00:00","dateModified":"2021-03-10T17:35:35+00:00","breadcrumb":{"@id":"https:\/\/itreseller.pl\/itchampions\/it-champions-2019\/#breadcrumb"},"inLanguage":"pl-PL","potentialAction":[{"@type":"ReadAction","target":["https:\/\/itreseller.pl\/itchampions\/it-champions-2019\/"]}]},{"@type":"BreadcrumbList","@id":"https:\/\/itreseller.pl\/itchampions\/it-champions-2019\/#breadcrumb","itemListElement":[{"@type":"ListItem","position":1,"name":"Strona g\u0142\u00f3wna","item":"https:\/\/itreseller.pl\/itchampions\/"},{"@type":"ListItem","position":2,"name":"IT CHAMPIONS 2019"}]},{"@type":"WebSite","@id":"https:\/\/itreseller.pl\/itchampions\/#website","url":"https:\/\/itreseller.pl\/itchampions\/","name":"ITChampions","description":"Mistrzowie nowych technologii","potentialAction":[{"@type":"SearchAction","target":{"@type":"EntryPoint","urlTemplate":"https:\/\/itreseller.pl\/itchampions\/?s={search_term_string}"},"query-input":"required name=search_term_string"}],"inLanguage":"pl-PL"}]}},"_links":{"self":[{"href":"https:\/\/itreseller.pl\/itchampions\/wp-json\/wp\/v2\/pages\/13185","targetHints":{"allow":["GET"]}}],"collection":[{"href":"https:\/\/itreseller.pl\/itchampions\/wp-json\/wp\/v2\/pages"}],"about":[{"href":"https:\/\/itreseller.pl\/itchampions\/wp-json\/wp\/v2\/types\/page"}],"author":[{"embeddable":true,"href":"https:\/\/itreseller.pl\/itchampions\/wp-json\/wp\/v2\/users\/1"}],"replies":[{"embeddable":true,"href":"https:\/\/itreseller.pl\/itchampions\/wp-json\/wp\/v2\/comments?post=13185"}],"version-history":[{"count":7,"href":"https:\/\/itreseller.pl\/itchampions\/wp-json\/wp\/v2\/pages\/13185\/revisions"}],"predecessor-version":[{"id":13228,"href":"https:\/\/itreseller.pl\/itchampions\/wp-json\/wp\/v2\/pages\/13185\/revisions\/13228"}],"wp:attachment":[{"href":"https:\/\/itreseller.pl\/itchampions\/wp-json\/wp\/v2\/media?parent=13185"}],"curies":[{"name":"wp","href":"https:\/\/api.w.org\/{rel}","templated":true}]}}