{"id":13187,"date":"2021-03-09T22:42:00","date_gmt":"2021-03-09T21:42:00","guid":{"rendered":"https:\/\/itreseller.com.pl\/itchampions\/?page_id=13187"},"modified":"2021-03-11T13:21:56","modified_gmt":"2021-03-11T12:21:56","slug":"it-champions-2020","status":"publish","type":"page","link":"https:\/\/itreseller.pl\/itchampions\/it-champions-2020\/","title":{"rendered":"IT CHAMPIONS 2020"},"content":{"rendered":"<p>[vc_section full_width=&#8221;stretch_row_content&#8221; full_height=&#8221;yes&#8221; css=&#8221;.vc_custom_1615327487798{margin-bottom: 40px !important;}&#8221;][vc_row][vc_column css=&#8221;.vc_custom_1615327514203{padding-right: 0px !important;padding-left: 0px !important;}&#8221;][vc_video link=&#8221;https:\/\/www.youtube.com\/watch?v=_j8NTrtS4t4&amp;t&#8221; el_aspect=&#8221;235&#8243; align=&#8221;center&#8221;][\/vc_column][\/vc_row][\/vc_section][vc_row el_class=&#8221;edgtf-sidebar&#8221;][vc_column width=&#8221;3\/4&#8243;]<div class=\"edgtf-title-section-holder\">\n\t\t\t<h2 class=\"edgtf-title-with-dots\" style=\"color:#0a0a0a\">\n\t\t\tIT CHAMPIONS 2020\t\t<\/h2>\n\t\t<span class=\"edge-title-separator edge-disable-separator\" ><\/span>\n\n\t<\/div>[vc_empty_space height=&#8221;10px&#8221;][vc_column_text]<strong>IT Reseller podczas uroczystej gali IT Champions 2020, w imieniu bran\u017cy, niezale\u017cnych dziennikarzy, a przede wszystkim czytelnik\u00f3w, uhonorowa\u0142 najlepsze firmy oraz lider\u00f3w bran\u017cy IT presti\u017cowymi nagrodami IT Champion 2020. W wydarzeniu wzi\u0119\u0142a udzia\u0142 elita polskiej bran\u017cy IT.<\/strong><\/p>\n<p>&nbsp;<\/p>\n<p>Ju\u017c po raz kolejny wydawnictwo IT Reseller, w imieniu w\u0142asnym, niezale\u017cnego grona dziennikarzy i czytelnik\u00f3w, uhonorowa\u0142o najlepsze firmy oraz lider\u00f3w bran\u017cy IT. Gala odby\u0142a si\u0119 w eleganckich przestrzeniach Hoteli BRISTOL w Warszawie, mieszcz\u0105cym si\u0119 przy ul. Krakowskie Przedmie\u015bcie 42\/44. Ten obiekt to jedna ze stylistycznych pere\u0142 centrum stolicy, znajduj\u0105cy si\u0119 tu\u017c obok Pa\u0142acu Prezydenckiego, przy Trakcie Kr\u00f3lewskim. Hotel urzeka neorenesansow\u0105 fasad\u0105 i pi\u0119knymi wn\u0119trzami z elementami Art Deco z pocz\u0105tk\u00f3w XX wieku. I to w\u0142a\u015bnie w takim, urz\u0105dzonym z klasyczn\u0105 elegancj\u0105 wn\u0119trzu odby\u0142a si\u0119 tegoroczna gala dla najlepszych firm w najnowocze\u015bniejszej z bran\u017c.<\/p>\n<p>&nbsp;<\/p>\n<div>\n<div id=\"attachment_56847\" class=\"wp-caption alignnone\">\n<p><img loading=\"lazy\" decoding=\"async\" class=\"size-full wp-image-56847\" src=\"https:\/\/itreseller.pl\/wp-content\/uploads\/2020\/09\/GAM_6715.jpg\" alt=\"\" width=\"2048\" height=\"1365\" aria-describedby=\"caption-attachment-56847\" \/><\/p>\n<p id=\"caption-attachment-56847\" class=\"wp-caption-text\">dr. Krystyna Jarek podczas wyst\u0105pienia na Gali IT Champions 2020<\/p>\n<\/div>\n<\/div>\n<p>&nbsp;<\/p>\n<p>Uroczyst\u0105 Gal\u0119 zainaugurowa\u0142o inspiruj\u0105ce wyst\u0105pienie dr. Krystyny Jarek, szefowej instytutu Innovation of Booster. W bran\u017cy IT s\u0142owo \u201cinnowacyjno\u015b\u0107\u201d wykorzystujemy niezwykle cz\u0119sto, ale ma\u0142o kto zadaje sobie pytanie o to, co ono naprawd\u0119 oznacza. Robi to jednak wsp\u00f3\u0142czesna nauka \u2013 dr. Jarek opowiedzia\u0142a nam o 12 najcz\u0119\u015bciej pope\u0142nianych b\u0142\u0119dach w projektowaniu innowacji, podejmuj\u0105c temat, kt\u00f3ry bywa cz\u0119sto sprowadzony jedynie do s\u0142owa-klucza, chocia\u017c oznacza znacznie wi\u0119cej. Wyst\u0105pienie inspirowa\u0142o obecnych na sali go\u015bci, do odwa\u017cnego poszukiwania przewagi strategicznej dla swoich firm.<\/p>\n<p>&nbsp;<\/p>\n<div>\n<div id=\"attachment_56848\" class=\"wp-caption alignnone\">\n<p><img loading=\"lazy\" decoding=\"async\" class=\"size-full wp-image-56848\" src=\"https:\/\/itreseller.pl\/wp-content\/uploads\/2020\/09\/GAM_6759.jpg\" alt=\"\" width=\"2048\" height=\"1365\" aria-describedby=\"caption-attachment-56848\" \/><\/p>\n<p id=\"caption-attachment-56848\" class=\"wp-caption-text\">Agnieszka Borysiuk i Mariusz Laurisz na scenie.<\/p>\n<\/div>\n<\/div>\n<p>&nbsp;<\/p>\n<p>Gala IT Champions to przede wszystkim wr\u0119czenie nagr\u00f3d. T\u0119 cz\u0119\u015b\u0107 uroczysto\u015bci prowadzi\u0142a dziennikarka i prezenterka Agnieszka Borysiuk, dobrze znana w bran\u017cy przede wszystkim z dzia\u0142alno\u015bci w obszarze esportu. Na scenie towarzyszy\u0142 jej redaktor naczelny wydawnictwa, Mariusz Laurisz.<\/p>\n<p>&nbsp;<\/p>\n<blockquote><p>\u201eTo wielki zaszczyt podejmowa\u0107 oraz m\u00f3c nagrodzi\u0107 tak znakomitych go\u015bci, bez w\u0105tpienia elit\u0119 bran\u017cy IT w Polsce.\u201d \u2013 powiedzia\u0142 rozpoczynaj\u0105c gal\u0119 Mariusz Laurisz, Wydawca i Redaktor Naczelny Wydawnictwa IT Reseller.<\/p><\/blockquote>\n<p>&nbsp;<\/p>\n<p>Wr\u0119czenie nagr\u00f3d to idealna okazja, aby \u015bwi\u0119towa\u0107 osi\u0105gni\u0119cia, ale te\u017c snu\u0107 nowe plany i by wyznacza\u0107 sobie nowe cele. Gala zbieg\u0142a si\u0119 w tym roku z 18-leciem wydawnictwa IT Reseller. Mo\u017cna powiedzie\u0107, \u017ce osi\u0105gn\u0119li\u015bmy pe\u0142noletno\u015b\u0107. Nieco d\u0142u\u017csz\u0105 obecno\u015bci\u0105 na rynku m\u00f3g\u0142 pochwali\u0107 si\u0119 za to drugi jubilat tego wieczoru \u2013 firma Statim Integrator \u2013 w tym przypadku to a\u017c 25 lat.<\/p>\n<p>&nbsp;<\/p>\n<div>\n<div id=\"attachment_56849\" class=\"wp-caption alignnone\">\n<p><img loading=\"lazy\" decoding=\"async\" class=\"size-full wp-image-56849\" src=\"https:\/\/itreseller.pl\/wp-content\/uploads\/2020\/09\/GAM_7860.jpg\" alt=\"\" width=\"2048\" height=\"1367\" aria-describedby=\"caption-attachment-56849\" \/><\/p>\n<p id=\"caption-attachment-56849\" class=\"wp-caption-text\">Dw\u00f3ch szef\u00f3w, dwa jubileusze. Jeden, za to du\u017cy tort. Z prawej Piotr Wypijewski (Statim Integrator), z lewej Mariusz Laurisz (IT Reseller).<\/p>\n<\/div>\n<\/div>\n<p>&nbsp;<\/p>\n<p>Odno\u015bnie plan\u00f3w, to zgodnie ze starym powiedzeniem \u201ckto stoi w miejscu, ten si\u0119 cofa\u201d, my nie tylko si\u0119 nie cofamy, ale idziemy naprz\u00f3d. Ze sceny w warszawskim Bristolu, Mariusz Laurisz poinformowa\u0142 bran\u017c\u0119, \u017ce wydawnictwo otwiera nowy rozdzia\u0142, wchodz\u0105c zar\u00f3wno w drugi medialny brand, jak i kieruj\u0105c si\u0119 w stron\u0119 przekazu audiowizualnego. Tym pierwszym jest nasz nowy projekt \u2013 InsideCEE \u2013 skupiony wok\u00f3\u0142 biznesowych i technologicznych informacji z regionu Europy \u015arodkowej i Wschodniej.<\/p>\n<p>&nbsp;<\/p>\n<blockquote><p>\u201cNasz przekaz nie b\u0119dzie odt\u0105d skupia\u0142 si\u0119 wy\u0142\u0105cznie na formie pisanej. S\u0142owo m\u00f3wione, relacje interpersonalne, zawsze by\u0142y si\u0142\u0105 IT Reseller w kontakcie z bran\u017c\u0105. Nie inaczej jest te\u017c obecnie. Dlatego te\u017c, ju\u017c wkr\u00f3tce rozpoczniemy publikacj\u0119 materia\u0142\u00f3w wideo \u2013 IT Reseller TV, internetow\u0105 telewizj\u0119 sk\u0142adaj\u0105c\u0105 si\u0119 z kilku regularnie publikowanych format\u00f3w program\u00f3w \u2013 od informacji ze \u015bwiata technologii, do wywiad\u00f3w z interesuj\u0105cymi go\u015b\u0107mi.\u201d \u2013 doda\u0142 Mariusz Laurisz.<\/p><\/blockquote>\n<p>&nbsp;<\/p>\n<div>\n<div id=\"gallery-1\" class=\"gallery galleryid-56844 gallery-columns-2 gallery-size-large\">\n<dl class=\"gallery-item\">\n<dt class=\"gallery-icon landscape\"><a href=\"https:\/\/itreseller.pl\/gala-magazynu-it-reseller-nagrody-it-champions-2020-przyznane-uroczystosc-to-nie-tylko-prestizowe-statuetki-ale-tez-dwa-jubileusze-oraz-zapowiedz-najnowszych-planow\/gam_6752\/\"><img loading=\"lazy\" decoding=\"async\" class=\"attachment-large size-large\" src=\"https:\/\/itreseller.pl\/wp-content\/uploads\/2020\/09\/GAM_6752-1024x683.jpg\" alt=\"\" width=\"1024\" height=\"683\" \/><\/a><\/dt>\n<\/dl>\n<dl class=\"gallery-item\">\n<dt class=\"gallery-icon landscape\"><a href=\"https:\/\/itreseller.pl\/gala-magazynu-it-reseller-nagrody-it-champions-2020-przyznane-uroczystosc-to-nie-tylko-prestizowe-statuetki-ale-tez-dwa-jubileusze-oraz-zapowiedz-najnowszych-planow\/gam_7555\/\"><img loading=\"lazy\" decoding=\"async\" class=\"attachment-large size-large\" src=\"https:\/\/itreseller.pl\/wp-content\/uploads\/2020\/09\/GAM_7555-1024x683.jpg\" alt=\"\" width=\"1024\" height=\"683\" \/><\/a><\/dt>\n<\/dl>\n<dl class=\"gallery-item\">\n<dt class=\"gallery-icon landscape\"><a href=\"https:\/\/itreseller.pl\/gala-magazynu-it-reseller-nagrody-it-champions-2020-przyznane-uroczystosc-to-nie-tylko-prestizowe-statuetki-ale-tez-dwa-jubileusze-oraz-zapowiedz-najnowszych-planow\/gam_7674\/\"><img loading=\"lazy\" decoding=\"async\" class=\"attachment-large size-large\" src=\"https:\/\/itreseller.pl\/wp-content\/uploads\/2020\/09\/GAM_7674-1024x683.jpg\" alt=\"\" width=\"1024\" height=\"683\" \/><\/a><\/dt>\n<\/dl>\n<dl class=\"gallery-item\">\n<dt class=\"gallery-icon landscape\"><a href=\"https:\/\/itreseller.pl\/gala-magazynu-it-reseller-nagrody-it-champions-2020-przyznane-uroczystosc-to-nie-tylko-prestizowe-statuetki-ale-tez-dwa-jubileusze-oraz-zapowiedz-najnowszych-planow\/gam_6822\/\"><img loading=\"lazy\" decoding=\"async\" class=\"attachment-large size-large\" src=\"https:\/\/itreseller.pl\/wp-content\/uploads\/2020\/09\/GAM_6822-1024x684.jpg\" alt=\"\" width=\"1024\" height=\"684\" \/><\/a><\/dt>\n<\/dl>\n<\/div>\n<\/div>\n<p>&nbsp;<\/p>\n<p>Patronat nad gal\u0105 IT Champions 2020, obj\u0119\u0142a\u00a0<strong>Polska Izba Informatyki i Telekomunikacji \u2013 PIIT, Polska Izba Komunikacji Elektronicznej \u2013 PIKE, Zwi\u0105zek Cyfrowa Polska \u2013 ZIPSEE, Krajowa Izba Gospodarcza Elektroniki i Telekomunikacji \u2013 KIGEiT<\/strong>\u00a0oraz\u00a0<strong>ISBnews<\/strong>.<\/p>\n<p>&nbsp;<\/p>\n<p>W ci\u0105gu najbli\u017cszych kilku dni b\u0119dziemy prezentowali sylwetki zwyci\u0119zc\u00f3w tegorocznych nagr\u00f3d IT Champions 2020. W\u015br\u00f3d tych\u017ce nie brakowa\u0142o w tym roku nagr\u00f3d indywidualnych oraz za wyj\u0105tkowe osi\u0105gni\u0119cia. Poni\u017cej przedstawiamy list\u0119 nagrodzonych:<\/p>\n<p>&nbsp;<\/p>\n<h4><strong>Laureaci IT CHAMPIONS 2020<\/strong><\/h4>\n<p>&nbsp;<\/p>\n<p>&nbsp;<\/p>\n<p><img loading=\"lazy\" decoding=\"async\" class=\"aligncenter size-full wp-image-56864\" src=\"https:\/\/itreseller.pl\/wp-content\/uploads\/2020\/09\/Patryk-Roszko-Acer.jpg\" alt=\"\" width=\"2115\" height=\"1411\" \/><\/p>\n<p>Producent Roku w kategorii\u00a0<strong>NOTEBOOKI<\/strong><\/p>\n<h4><strong>ACER Polska<br \/>\n<\/strong><\/h4>\n<p>w imieniu firmy Acer, tytu\u0142 odebra\u0142 Patryk Roszko.<\/p>\n<p>&nbsp;<\/p>\n<p><img loading=\"lazy\" decoding=\"async\" class=\"aligncenter size-full wp-image-56865\" src=\"https:\/\/itreseller.pl\/wp-content\/uploads\/2020\/09\/GAM_6791.jpg\" alt=\"\" width=\"2048\" height=\"1365\" \/><\/p>\n<p>Producent Roku w kategorii\u00a0<strong>STACJE ROBOCZE<br \/>\n<\/strong><\/p>\n<h4><strong>HP Inc Polska<br \/>\n<\/strong><\/h4>\n<p>w imieniu firmy HP Inc, tytu\u0142 odebra\u0142 \u0141ukasz Rosa.<\/p>\n<p>&nbsp;<\/p>\n<div><img loading=\"lazy\" decoding=\"async\" class=\"aligncenter size-full wp-image-56866\" src=\"https:\/\/itreseller.pl\/wp-content\/uploads\/2020\/09\/GAM_7833.jpg\" alt=\"\" width=\"2048\" height=\"1365\" \/><\/div>\n<div>\n<p>Producent Roku w kategorii\u00a0<strong>KOMPUTERY PC<br \/>\n<\/strong><\/p>\n<h4><strong>Petrosoft.pl \u2013 PC Solutions<br \/>\n<\/strong><\/h4>\n<p>w imieniu firmy, tytu\u0142 odebra\u0142 Mariusz \u0141aba.<\/p>\n<\/div>\n<p>&nbsp;<\/p>\n<p><img loading=\"lazy\" decoding=\"async\" class=\"aligncenter size-full wp-image-56869\" src=\"https:\/\/itreseller.pl\/wp-content\/uploads\/2020\/09\/Tomasz-Wlastowski-AMD-1.jpg\" alt=\"\" width=\"2067\" height=\"1379\" \/><\/p>\n<p>Producent Roku w kategorii\u00a0<strong>PROCESORY I PODZESPO\u0141Y PC<br \/>\n<\/strong><\/p>\n<h4><strong>AMD \u2013 Advanced Micro Devices INC.<br \/>\n<\/strong><\/h4>\n<p>w imieniu firmy AMD, tytu\u0142 odebra\u0142 Tomasz W\u0142astowski.<\/p>\n<p>&nbsp;<\/p>\n<p><img loading=\"lazy\" decoding=\"async\" class=\"aligncenter size-full wp-image-57051\" src=\"https:\/\/itreseller.pl\/wp-content\/uploads\/2020\/09\/Acer-IT-Champions-2020.jpg\" alt=\"\" width=\"2208\" height=\"1472\" \/><\/p>\n<p>&nbsp;<\/p>\n<p>Producent Roku w kategorii\u00a0<strong>GAMING<\/strong><\/p>\n<h4><strong>ACER Polska<br \/>\n<\/strong><\/h4>\n<p>w imieniu firmy Acer, tytu\u0142 odebra\u0142 Patryk Roszko.<\/p>\n<p>&nbsp;<\/p>\n<p><img loading=\"lazy\" decoding=\"async\" class=\"aligncenter size-full wp-image-56871\" src=\"https:\/\/itreseller.pl\/wp-content\/uploads\/2020\/09\/Xiaomi-Andrzej-Gladki.jpg\" alt=\"\" width=\"1997\" height=\"1331\" \/><\/p>\n<p>Producent Roku w kategorii\u00a0<strong>MOBILE \u2013 Smartfony i Tablety<br \/>\n<\/strong><\/p>\n<h4><strong>XIAOMI Technology Poland<br \/>\n<\/strong><\/h4>\n<p>w imieniu firmy Xiaomi, tytu\u0142 odebra\u0142 Andrzej G\u0142adki.<\/p>\n<p>&nbsp;<\/p>\n<p><img loading=\"lazy\" decoding=\"async\" class=\"aligncenter size-full wp-image-56876\" src=\"https:\/\/itreseller.pl\/wp-content\/uploads\/2020\/09\/Ewa-Pytlak-Epson-1.jpg\" alt=\"\" width=\"2050\" height=\"1367\" \/><\/p>\n<p>Producent Roku w kategorii\u00a0<strong>DRUK ATRAMENTOWY<br \/>\n<\/strong><\/p>\n<h4><strong>EPSON Polska<br \/>\n<\/strong><\/h4>\n<p>w imieniu firmy Epson, tytu\u0142 odebra\u0142a Ewa Pytlak.<\/p>\n<p>&nbsp;<\/p>\n<p><img loading=\"lazy\" decoding=\"async\" class=\"aligncenter size-full wp-image-56881\" src=\"https:\/\/itreseller.pl\/wp-content\/uploads\/2020\/09\/Sharp-Rafal-Sarzynski.jpg\" alt=\"\" width=\"2016\" height=\"1344\" \/><\/p>\n<p>Producent Roku w kategorii\u00a0<strong>DRUK LASEROWY<\/strong><\/p>\n<h4><strong>SHARP Electronics Poland<br \/>\n<\/strong><\/h4>\n<p>w imieniu firmy Sharp, tytu\u0142 odebra\u0142 Rafa\u0142 Szarzy\u0144ski.<\/p>\n<p>&nbsp;<\/p>\n<p><img loading=\"lazy\" decoding=\"async\" class=\"aligncenter size-full wp-image-56883\" src=\"https:\/\/itreseller.pl\/wp-content\/uploads\/2020\/09\/GAM_6995.jpg\" alt=\"\" width=\"2048\" height=\"1365\" \/><\/p>\n<p>Producent Roku w kategorii\u00a0<strong>DIGITAL SIGNAGE<br \/>\n<\/strong><\/p>\n<h4><strong>SAMSUNG Electronics Poland<br \/>\n<\/strong><\/h4>\n<p>w imieniu firmy Samsung, tytu\u0142 odebra\u0142 Senior Director IT Division, Wojciech Zask\u00f3rski.<\/p>\n<p>&nbsp;<\/p>\n<p><img loading=\"lazy\" decoding=\"async\" class=\"aligncenter size-full wp-image-56898\" src=\"https:\/\/itreseller.pl\/wp-content\/uploads\/2020\/09\/GAM_7705.jpg\" alt=\"\" width=\"2048\" height=\"1365\" \/><\/p>\n<p>Producent Roku w kategorii\u00a0<strong>DIGITAL SIGNAGE LED<\/strong><\/p>\n<h4><strong>STATIM Integrator IT AV DS<\/strong><\/h4>\n<p>w imieniu firmy, tytu\u0142 odebra\u0142 Piotr Wypijewski.<\/p>\n<p>&nbsp;<\/p>\n<p><img loading=\"lazy\" decoding=\"async\" class=\"aligncenter size-full wp-image-56884\" src=\"https:\/\/itreseller.pl\/wp-content\/uploads\/2020\/09\/GAM_6988.jpg\" alt=\"\" width=\"2048\" height=\"1367\" \/><\/p>\n<p>Producent Roku w kategorii\u00a0<strong>WDRO\u017bENIE ROKU<\/strong><\/p>\n<h4><strong>SAMSUNG Electronics Poland<\/strong><\/h4>\n<p>w imieniu firmy, tytu\u0142 odebrali Senior Director IT Division, Wojciech Zask\u00f3rski<\/p>\n<p>oraz Director of Marketing and Operations IT Division, Micha\u0142 Ptak.<\/p>\n<p>&nbsp;<\/p>\n<p><img loading=\"lazy\" decoding=\"async\" class=\"aligncenter size-full wp-image-56882\" src=\"https:\/\/itreseller.pl\/wp-content\/uploads\/2020\/09\/Tomasz-Wieczorek-Sharp.jpg\" alt=\"\" width=\"2046\" height=\"1365\" \/><\/p>\n<p>Producent Roku w kategorii\u00a0<strong>ROZWI\u0104ZANIA DLA BIZNESU<br \/>\n<\/strong><\/p>\n<h4><strong>SHARP Electronics Poland<\/strong><\/h4>\n<p>w imieniu firmy, tytu\u0142 odebra\u0142 Tomasz Wieczorek.<\/p>\n<p>&nbsp;<\/p>\n<p><img loading=\"lazy\" decoding=\"async\" class=\"aligncenter size-full wp-image-56877\" src=\"https:\/\/itreseller.pl\/wp-content\/uploads\/2020\/09\/Ewa-Pytlak-Epson-2.jpg\" alt=\"\" width=\"2101\" height=\"1401\" \/><\/p>\n<p>Producent Roku w kategorii\u00a0<strong>ROZWI\u0104ZANIA DLA EDUKACJI<br \/>\n<\/strong><\/p>\n<h4><strong>EPSON Polska<br \/>\n<\/strong><\/h4>\n<p>w imieniu firmy, tytu\u0142 odebra\u0142a Ewa Pytlak.<\/p>\n<p>&nbsp;<\/p>\n<p><img loading=\"lazy\" decoding=\"async\" class=\"aligncenter size-full wp-image-56886\" src=\"https:\/\/itreseller.pl\/wp-content\/uploads\/2020\/09\/GAM_6566.jpg\" alt=\"\" width=\"2048\" height=\"1365\" \/><\/p>\n<p>Producent Roku w kategorii\u00a0<strong>CYBERBEZPIECZE\u0143STWO<br \/>\n<\/strong><\/p>\n<h4><strong>COMMVAULT Poland<\/strong><\/h4>\n<p>&nbsp;<\/p>\n<p><img loading=\"lazy\" decoding=\"async\" class=\"aligncenter size-full wp-image-56890\" src=\"https:\/\/itreseller.pl\/wp-content\/uploads\/2020\/09\/GAM_7074.jpg\" alt=\"\" width=\"2048\" height=\"1365\" \/><\/p>\n<p>Producent Roku w kategorii\u00a0<strong>SERWERY I SYSTEMY<br \/>\n<\/strong><\/p>\n<h4><strong>LENOVO Technology Poland<br \/>\n<\/strong><\/h4>\n<p>w imieniu firmy Lenovo, tytu\u0142 odebra\u0142 Roman Sioda.<\/p>\n<p>&nbsp;<\/p>\n<p><img loading=\"lazy\" decoding=\"async\" class=\"aligncenter size-full wp-image-56919\" src=\"https:\/\/itreseller.pl\/wp-content\/uploads\/2020\/09\/Huawei-Szymon-Solnica.jpg\" alt=\"\" width=\"2122\" height=\"1410\" \/><\/p>\n<p>Producent Roku w kategorii\u00a0<strong>NETWORKING I ROZWI\u0104ZANIA SIECIOWE<br \/>\n<\/strong><\/p>\n<h4><strong>HUAWEI Polska<br \/>\n<\/strong><\/h4>\n<p>w imieniu firmy Huawei, tytu\u0142 odebra\u0142 Szymon Solnica.<\/p>\n<p>&nbsp;<\/p>\n<p><img loading=\"lazy\" decoding=\"async\" class=\"aligncenter size-full wp-image-56928\" src=\"https:\/\/itreseller.pl\/wp-content\/uploads\/2020\/09\/GAM_7121.jpg\" alt=\"\" width=\"2048\" height=\"1367\" \/><\/p>\n<p>Producent Roku w kategorii\u00a0<strong>INFRASTRUKTURA IT<br \/>\n<\/strong><\/p>\n<h4><strong>HEWLETT PACKARD ENTERPRISE<br \/>\n<\/strong><\/h4>\n<p>w imieniu firmy HPE, tytu\u0142 odebra\u0142 Pawe\u0142 W\u00f3jcik.<\/p>\n<p>&nbsp;<\/p>\n<p><img loading=\"lazy\" decoding=\"async\" class=\"aligncenter size-full wp-image-56918\" src=\"https:\/\/itreseller.pl\/wp-content\/uploads\/2020\/09\/Huawei-Szymon_Solnica.jpg\" alt=\"\" width=\"2052\" height=\"1364\" \/><\/p>\n<p>Producent Roku w kategorii\u00a0<strong>PAMI\u0118CI MASOWE \u2013 STORAGE<br \/>\n<\/strong><\/p>\n<h4><strong>HUAWEI Polska<br \/>\n<\/strong><\/h4>\n<p>w imieniu firmy Huawei, tytu\u0142 odebra\u0142 Szymon Solnica.<\/p>\n<p>&nbsp;<\/p>\n<p><img loading=\"lazy\" decoding=\"async\" class=\"aligncenter size-full wp-image-56891\" src=\"https:\/\/itreseller.pl\/wp-content\/uploads\/2020\/09\/GAM_7174.jpg\" alt=\"\" width=\"2048\" height=\"1365\" \/><\/p>\n<p>Producent Roku w kategorii\u00a0<strong>CHMURA ROKU<br \/>\n<\/strong><\/p>\n<h4><strong>ORACLE Polska<br \/>\n<\/strong><\/h4>\n<p>w imieniu firmy Oracle, tytu\u0142 odebra\u0142 Grzegorz Grunwald.<\/p>\n<p>&nbsp;<\/p>\n<p><img loading=\"lazy\" decoding=\"async\" class=\"aligncenter size-full wp-image-56886\" src=\"https:\/\/itreseller.pl\/wp-content\/uploads\/2020\/09\/GAM_6566.jpg\" alt=\"\" width=\"2048\" height=\"1365\" \/><\/p>\n<p>Producent Roku w kategorii\u00a0<strong>MULTICLOUD<br \/>\n<\/strong><\/p>\n<h4><strong>VMware Poland<br \/>\n<\/strong><\/h4>\n<p>&nbsp;<\/p>\n<p><img loading=\"lazy\" decoding=\"async\" class=\"aligncenter size-full wp-image-56922\" src=\"https:\/\/itreseller.pl\/wp-content\/uploads\/2020\/09\/HPE-Marek-Hojda.jpg\" alt=\"\" width=\"2127\" height=\"1413\" \/><\/p>\n<p>Producent Roku w kategorii\u00a0<strong>CHMURA HYBRYDOWA<br \/>\n<\/strong><\/p>\n<h4><strong>HEWLETT PACKARD ENTERPRISE<br \/>\n<\/strong><\/h4>\n<p>w imieniu firmy HPE, tytu\u0142 odebra\u0142 Marek Hojda.<\/p>\n<p>&nbsp;<\/p>\n<p><img loading=\"lazy\" decoding=\"async\" class=\"aligncenter size-full wp-image-56917\" src=\"https:\/\/itreseller.pl\/wp-content\/uploads\/2020\/09\/Oracle-Grunwald.jpg\" alt=\"\" width=\"2117\" height=\"1406\" \/><\/p>\n<p>Producent Roku w kategorii\u00a0<strong>CLOUD SERVICES<br \/>\n<\/strong><\/p>\n<h4><strong>ORACLE Polska<br \/>\n<\/strong><\/h4>\n<p>w imieniu firmy Oracle, tytu\u0142 odebra\u0142 Grzegorz Grunwald.<\/p>\n<p>&nbsp;<\/p>\n<p><img loading=\"lazy\" decoding=\"async\" class=\"aligncenter size-full wp-image-56901\" src=\"https:\/\/itreseller.pl\/wp-content\/uploads\/2020\/09\/GAM_7929.jpg\" alt=\"\" width=\"2048\" height=\"1365\" \/><\/p>\n<p>Producent Roku w kategorii\u00a0<strong>CLOUD DATA PROTECTION<br \/>\n<\/strong><\/p>\n<h4><strong>LIMITLESS Technologies<br \/>\n<\/strong><\/h4>\n<p>w imieniu firmy Limitless, tytu\u0142 odebra\u0142 Kamil Smuga (na zdj\u0119ciu w \u015brodku)<\/p>\n<p>&nbsp;<\/p>\n<p><img loading=\"lazy\" decoding=\"async\" class=\"aligncenter size-full wp-image-56927\" src=\"https:\/\/itreseller.pl\/wp-content\/uploads\/2020\/09\/GAM_7306.jpg\" alt=\"\" width=\"2048\" height=\"1365\" \/><\/p>\n<p>Producent Roku w kategorii\u00a0<strong>CLOUD SOLUTIONS<br \/>\n<\/strong><\/p>\n<h4><strong>INTEGRITY PARTNERS<\/strong><\/h4>\n<p>w imieniu firmy, tytu\u0142 odebrali Pawe\u0142 Umi\u0144ski, Micha\u0142 Makowski oraz Kuba Borkowski<\/p>\n<p>&nbsp;<\/p>\n<p><img loading=\"lazy\" decoding=\"async\" class=\"aligncenter size-full wp-image-56926\" src=\"https:\/\/itreseller.pl\/wp-content\/uploads\/2020\/09\/GAM_7328.jpg\" alt=\"\" width=\"2048\" height=\"1365\" \/><\/p>\n<p>Producent Roku w kategorii\u00a0<strong>BACKUP<br \/>\n<\/strong><\/p>\n<h4><strong>VEEAM SOFTWARE<\/strong><\/h4>\n<p>w imieniu firmy Veeam, tytu\u0142 odebra\u0142 Wojtek Cegli\u0144ski.<\/p>\n<p>&nbsp;<\/p>\n<p><img loading=\"lazy\" decoding=\"async\" class=\"aligncenter size-full wp-image-56893\" src=\"https:\/\/itreseller.pl\/wp-content\/uploads\/2020\/09\/GAM_7358.jpg\" alt=\"\" width=\"2048\" height=\"1365\" \/><\/p>\n<p><strong>FIRMA HOSTINGOWA ROKU<br \/>\n<\/strong><\/p>\n<h4><strong>nazwa.pl<\/strong><\/h4>\n<p>w imieniu firmy, tytu\u0142 odebra\u0142 Krzysztof Cebrat.<\/p>\n<p>&nbsp;<\/p>\n<p><img loading=\"lazy\" decoding=\"async\" class=\"aligncenter size-full wp-image-56916\" src=\"https:\/\/itreseller.pl\/wp-content\/uploads\/2020\/09\/Huawei-AI.jpg\" alt=\"\" width=\"2073\" height=\"1378\" \/><\/p>\n<p>Producent Roku w kategorii\u00a0<strong>SZTUCZNA INTELIGENCJA<br \/>\n<\/strong><\/p>\n<h4><strong>HUAWEI Polska<br \/>\n<\/strong><\/h4>\n<p>w imieniu firmy Huawei, tytu\u0142 odebra\u0142 Tomasz Frender.<\/p>\n<p>&nbsp;<\/p>\n<p><img loading=\"lazy\" decoding=\"async\" class=\"aligncenter size-full wp-image-56892\" src=\"https:\/\/itreseller.pl\/wp-content\/uploads\/2020\/09\/GAM_7883.jpg\" alt=\"\" width=\"2048\" height=\"1365\" \/><\/p>\n<p><strong>NAJBARDZIEJ INNOWACYJNA FIRMA ROKU<br \/>\n<\/strong><\/p>\n<h4><strong>XIAOMI Technology Poland<br \/>\n<\/strong><\/h4>\n<p>w imieniu firmy Xiaomi, tytu\u0142 odebra\u0142 Andrzej G\u0142adki.<\/p>\n<p>&nbsp;<\/p>\n<p><img loading=\"lazy\" decoding=\"async\" class=\"aligncenter size-full wp-image-56937\" src=\"https:\/\/itreseller.pl\/wp-content\/uploads\/2020\/09\/GAM_7475.jpg\" alt=\"\" width=\"2048\" height=\"1365\" \/><\/p>\n<p><strong>ICT \u2013 TELEKOMUNIKACJA i 5G<br \/>\n<\/strong><\/p>\n<h4><strong>HUAWEI Polska<br \/>\n<\/strong><\/h4>\n<p>w imieniu firmy Huawei, tytu\u0142 odebra\u0142 Ryszard Hordy\u0144ski.<\/p>\n<p>&nbsp;<\/p>\n<p><img loading=\"lazy\" decoding=\"async\" class=\"aligncenter size-full wp-image-56925\" src=\"https:\/\/itreseller.pl\/wp-content\/uploads\/2020\/09\/GAM_7561.jpg\" alt=\"\" width=\"2048\" height=\"1365\" \/><\/p>\n<p><strong>LIDER TRANSFORMACJI CYFROWEJ<br \/>\n<\/strong><\/p>\n<h4><strong>DELL Technologies Polska<br \/>\n<\/strong><\/h4>\n<p>w imieniu firmy Dell, tytu\u0142 odebra\u0142 Dariusz Okrasa.<\/p>\n<p>&nbsp;<\/p>\n<p><img loading=\"lazy\" decoding=\"async\" class=\"aligncenter size-full wp-image-56894\" src=\"https:\/\/itreseller.pl\/wp-content\/uploads\/2020\/09\/GAM_7441.jpg\" alt=\"\" width=\"2048\" height=\"1365\" \/><\/p>\n<p><strong>PRODUCENT ROKU<br \/>\n<\/strong><\/p>\n<h4><strong>HUAWEI Polska<br \/>\n<\/strong><\/h4>\n<p>w imieniu firmy Huawei, tytu\u0142 odebra\u0142 Ryszard Hordy\u0144ski.<\/p>\n<p>&nbsp;<\/p>\n<p><img loading=\"lazy\" decoding=\"async\" class=\"aligncenter size-full wp-image-56934\" src=\"https:\/\/itreseller.pl\/wp-content\/uploads\/2020\/09\/GAM_7505.jpg\" alt=\"\" width=\"2048\" height=\"1365\" \/><\/p>\n<p>&nbsp;<\/p>\n<p><strong>DYSTRYBUTOR ROKU<br \/>\n<\/strong><\/p>\n<h4><strong>AB S.A.<br \/>\n<\/strong><\/h4>\n<p>w imieniu firmy AB, tytu\u0142 odebra\u0142 Zbigniew M\u0105dry.<\/p>\n<p>&nbsp;<\/p>\n<p><img loading=\"lazy\" decoding=\"async\" class=\"aligncenter size-full wp-image-56886\" src=\"https:\/\/itreseller.pl\/wp-content\/uploads\/2020\/09\/GAM_6566.jpg\" alt=\"\" width=\"2048\" height=\"1365\" \/><\/p>\n<p><strong>DYSTRYBUTOR VAD<br \/>\n<\/strong><\/p>\n<h4><strong>VERACOMP S.A.<br \/>\n<\/strong><\/h4>\n<p>&nbsp;<\/p>\n<p><img loading=\"lazy\" decoding=\"async\" class=\"aligncenter size-full wp-image-56887\" src=\"https:\/\/itreseller.pl\/wp-content\/uploads\/2020\/09\/GAM_6570.jpg\" alt=\"\" width=\"2048\" height=\"1365\" \/><\/p>\n<p><strong>DYSTRYBUTOR SPECJALIZOWANY<br \/>\n<\/strong><\/p>\n<h4><strong>DAGMA Sp. z o.o. \u2013 Bezpiecze\u0144stwo IT<br \/>\n<\/strong><\/h4>\n<p>&nbsp;<\/p>\n<p><img loading=\"lazy\" decoding=\"async\" class=\"aligncenter size-full wp-image-56886\" src=\"https:\/\/itreseller.pl\/wp-content\/uploads\/2020\/09\/GAM_6566.jpg\" alt=\"\" width=\"2048\" height=\"1365\" \/><\/p>\n<p><strong>CENTRUM SZKOLE\u0143 I EDUKACJI IT<br \/>\n<\/strong><\/p>\n<h4><strong>VERACOMP S.A.<\/strong><\/h4>\n<p>&nbsp;<\/p>\n<p><img loading=\"lazy\" decoding=\"async\" class=\"aligncenter size-full wp-image-56931\" src=\"https:\/\/itreseller.pl\/wp-content\/uploads\/2020\/09\/AB-Patrycja-Gawarecka.jpg\" alt=\"\" width=\"2083\" height=\"1384\" \/><\/p>\n<p><strong>DYREKTOR SPRZEDA\u017bY I MARKETINGU<br \/>\n<\/strong><\/p>\n<h4><strong>PATRYCJA GAWARECKA<\/strong><\/h4>\n<h4><strong>AB S.A.<br \/>\n<\/strong><\/h4>\n<p>&nbsp;<\/p>\n<p><img loading=\"lazy\" decoding=\"async\" class=\"aligncenter size-full wp-image-56900\" src=\"https:\/\/itreseller.pl\/wp-content\/uploads\/2020\/09\/GAM_7575-1.jpg\" alt=\"\" width=\"2048\" height=\"1367\" \/><\/p>\n<p><strong>SZEF KANA\u0141U PARTNERSKIEGO<br \/>\n<\/strong><\/p>\n<h4><strong>DARIUSZ\u00a0 OKRASA<br \/>\n<\/strong><\/h4>\n<h4><strong>DELL Technologies Polska<br \/>\n<\/strong><\/h4>\n<p>&nbsp;<\/p>\n<p><img loading=\"lazy\" decoding=\"async\" class=\"aligncenter size-full wp-image-56899\" src=\"https:\/\/itreseller.pl\/wp-content\/uploads\/2020\/09\/GAM_7849.jpg\" alt=\"\" width=\"2048\" height=\"1365\" \/><\/p>\n<p><strong>SZEF KANA\u0141U DYSTRYBUCYJNEGO<br \/>\n<\/strong><\/p>\n<h4><strong>\u0141UKASZ ROSA<br \/>\n<\/strong><\/h4>\n<h4><strong>HP Inc Polska<br \/>\n<\/strong><\/h4>\n<p>&nbsp;<\/p>\n<p><img loading=\"lazy\" decoding=\"async\" class=\"aligncenter size-full wp-image-56932\" src=\"https:\/\/itreseller.pl\/wp-content\/uploads\/2020\/09\/GAM_7608-1.jpg\" alt=\"\" width=\"2048\" height=\"1365\" \/><\/p>\n<p><strong>PROGRAM PARTNERSKI ROKU<br \/>\n<\/strong><\/p>\n<h4><strong>SAMSUNG Electronics Polska<br \/>\n<\/strong><\/h4>\n<p>w imieniu firmy Samsung, tytu\u0142 odebra\u0142 Director of Marketing and Operations IT Division, Micha\u0142 Ptak.<\/p>\n<p>&nbsp;<\/p>\n<p><img loading=\"lazy\" decoding=\"async\" class=\"aligncenter size-full wp-image-56915\" src=\"https:\/\/itreseller.pl\/wp-content\/uploads\/2020\/09\/GAM_7948.jpg\" alt=\"\" width=\"2048\" height=\"1365\" \/><\/p>\n<p><strong>BIZNES PARTNER ROKU<br \/>\n<\/strong><\/p>\n<h4><strong>STATIM Integrator IT AV DS<br \/>\n<\/strong><\/h4>\n<p>w imieniu firmy Statim, tytu\u0142 odebra\u0142 Piotr Wypijewski wraz z Magdalen\u0105 Nawrat, Karol Krajewski oraz Cyprian Dominiak.<\/p>\n<p>&nbsp;<\/p>\n<p><img loading=\"lazy\" decoding=\"async\" class=\"aligncenter size-full wp-image-56923\" src=\"https:\/\/itreseller.pl\/wp-content\/uploads\/2020\/09\/GAM_7533.jpg\" alt=\"\" width=\"2048\" height=\"1365\" \/><\/p>\n<p><strong>NAGRODA SPECJALNA \u2013 DZIA\u0141ALNO\u015a\u0106 CSR<br \/>\n<\/strong><\/p>\n<h4><strong>AB S.A.<br \/>\n<\/strong><\/h4>\n<p>w imieniu firmy AB, tytu\u0142 odebra\u0142a Patrycja Gawarecka.<\/p>\n<p>&nbsp;<\/p>\n<p><img loading=\"lazy\" decoding=\"async\" class=\"aligncenter size-full wp-image-56886\" src=\"https:\/\/itreseller.pl\/wp-content\/uploads\/2020\/09\/GAM_6566.jpg\" alt=\"\" width=\"2048\" height=\"1365\" \/><\/p>\n<p><strong>OSOBOWO\u015a\u0106 ROKU BRAN\u017bY IT<br \/>\n<\/strong><\/p>\n<h4><strong>ADAM RUDOWSKI<br \/>\n<\/strong><\/h4>\n<h4><strong>Veracomp S.A.<br \/>\n<\/strong><\/h4>\n<p>&nbsp;<\/p>\n<p><img loading=\"lazy\" decoding=\"async\" class=\"aligncenter size-full wp-image-56897\" src=\"https:\/\/itreseller.pl\/wp-content\/uploads\/2020\/09\/GAM_7669.jpg\" alt=\"\" width=\"2048\" height=\"1365\" \/><\/p>\n<p><strong>OSOBOWO\u015a\u0106 ROKU BRAN\u017bY IT<br \/>\n<\/strong><\/p>\n<h4><strong>ZBIGNIEW M\u0104DRY<br \/>\n<\/strong><\/h4>\n<h4><strong>AB S.A.<\/strong><\/h4>\n<p>&nbsp;<\/p>\n<p><img loading=\"lazy\" decoding=\"async\" class=\"aligncenter size-full wp-image-56896\" src=\"https:\/\/itreseller.pl\/wp-content\/uploads\/2020\/09\/GAM_7911.jpg\" alt=\"\" width=\"2048\" height=\"1365\" \/><\/p>\n<p><strong>OSOBOWO\u015a\u0106 ROKU BRAN\u017bY IT<br \/>\n<\/strong><\/p>\n<h4><strong>PIOTR WYPIJEWSKI<br \/>\n<\/strong><\/h4>\n<h4><strong>STATIM Integrator IT AV DS<\/strong><\/h4>\n<h4><\/h4>\n<p>&nbsp;<\/p>\n<p>&nbsp;<\/p>\n<blockquote><p>\u201eWszystkim laureatom, bardzo serdecznie gratulujemy i \u017cyczymy dalszych sukces\u00f3w! Dzi\u0119kujemy \u017ce byli\u015bcie z nami!\u201d \u2013 doda\u0142 na zako\u0144czenie <strong>Mariusz Laurisz, Wydawca i Redaktor Naczelny Wydawnictwa IT Reseller.<\/strong><\/p><\/blockquote>\n<p>[\/vc_column_text][\/vc_column][vc_column width=&#8221;1\/4&#8243;][vc_widget_sidebar sidebar_id=&#8221;content-bottom&#8221; el_class=&#8221;postid-13035&#8243;][\/vc_column][\/vc_row]<\/p>\n","protected":false},"excerpt":{"rendered":"<p>[vc_section full_width=&#8221;stretch_row_content&#8221; full_height=&#8221;yes&#8221; css=&#8221;.vc_custom_1615327487798{margin-bottom: 40px !important;}&#8221;][vc_row][vc_column css=&#8221;.vc_custom_1615327514203{padding-right: 0px !important;padding-left: 0px !important;}&#8221;][vc_video link=&#8221;https:\/\/www.youtube.com\/watch?v=_j8NTrtS4t4&amp;t&#8221; el_aspect=&#8221;235&#8243; align=&#8221;center&#8221;][\/vc_column][\/vc_row][\/vc_section][vc_row el_class=&#8221;edgtf-sidebar&#8221;][vc_column width=&#8221;3\/4&#8243;][vc_empty_space height=&#8221;10px&#8221;][vc_column_text]IT Reseller podczas uroczystej gali IT Champions 2020, w imieniu bran\u017cy, niezale\u017cnych dziennikarzy, a przede wszystkim czytelnik\u00f3w, uhonorowa\u0142 najlepsze firmy oraz lider\u00f3w bran\u017cy IT presti\u017cowymi nagrodami IT Champion 2020&#8230;.<\/p>\n","protected":false},"author":1,"featured_media":0,"parent":0,"menu_order":0,"comment_status":"closed","ping_status":"closed","template":"","meta":{"footnotes":""},"class_list":["post-13187","page","type-page","status-publish","hentry"],"yoast_head":"<!-- This site is optimized with the Yoast SEO plugin v20.5 - https:\/\/yoast.com\/wordpress\/plugins\/seo\/ -->\n<title>IT CHAMPIONS 2020 - ITChampions<\/title>\n<meta name=\"robots\" content=\"index, follow, max-snippet:-1, max-image-preview:large, max-video-preview:-1\" \/>\n<link rel=\"canonical\" href=\"https:\/\/itreseller.pl\/itchampions\/it-champions-2020\/\" \/>\n<meta property=\"og:locale\" content=\"pl_PL\" \/>\n<meta property=\"og:type\" content=\"article\" \/>\n<meta property=\"og:title\" content=\"IT CHAMPIONS 2020 - ITChampions\" \/>\n<meta property=\"og:description\" content=\"[vc_section full_width=&#8221;stretch_row_content&#8221; full_height=&#8221;yes&#8221; css=&#8221;.vc_custom_1615327487798{margin-bottom: 40px !important;}&#8221;][vc_row][vc_column css=&#8221;.vc_custom_1615327514203{padding-right: 0px !important;padding-left: 0px !important;}&#8221;][vc_video link=&#8221;https:\/\/www.youtube.com\/watch?v=_j8NTrtS4t4&amp;t&#8221; el_aspect=&#8221;235&#8243; align=&#8221;center&#8221;][\/vc_column][\/vc_row][\/vc_section][vc_row el_class=&#8221;edgtf-sidebar&#8221;][vc_column width=&#8221;3\/4&#8243;][vc_empty_space height=&#8221;10px&#8221;][vc_column_text]IT Reseller podczas uroczystej gali IT Champions 2020, w imieniu bran\u017cy, niezale\u017cnych dziennikarzy, a przede wszystkim czytelnik\u00f3w, uhonorowa\u0142 najlepsze firmy oraz lider\u00f3w bran\u017cy IT presti\u017cowymi nagrodami IT Champion 2020....\" \/>\n<meta property=\"og:url\" content=\"https:\/\/itreseller.pl\/itchampions\/it-champions-2020\/\" \/>\n<meta property=\"og:site_name\" content=\"ITChampions\" \/>\n<meta property=\"article:modified_time\" content=\"2021-03-11T12:21:56+00:00\" \/>\n<meta property=\"og:image\" content=\"https:\/\/itreseller.pl\/wp-content\/uploads\/2020\/09\/GAM_6715.jpg\" \/>\n<meta name=\"twitter:card\" content=\"summary_large_image\" \/>\n<meta name=\"twitter:label1\" content=\"Szacowany czas czytania\" \/>\n\t<meta name=\"twitter:data1\" content=\"8 minut\" \/>\n<script type=\"application\/ld+json\" class=\"yoast-schema-graph\">{\"@context\":\"https:\/\/schema.org\",\"@graph\":[{\"@type\":\"WebPage\",\"@id\":\"https:\/\/itreseller.pl\/itchampions\/it-champions-2020\/\",\"url\":\"https:\/\/itreseller.pl\/itchampions\/it-champions-2020\/\",\"name\":\"IT CHAMPIONS 2020 - ITChampions\",\"isPartOf\":{\"@id\":\"https:\/\/itreseller.pl\/itchampions\/#website\"},\"datePublished\":\"2021-03-09T21:42:00+00:00\",\"dateModified\":\"2021-03-11T12:21:56+00:00\",\"breadcrumb\":{\"@id\":\"https:\/\/itreseller.pl\/itchampions\/it-champions-2020\/#breadcrumb\"},\"inLanguage\":\"pl-PL\",\"potentialAction\":[{\"@type\":\"ReadAction\",\"target\":[\"https:\/\/itreseller.pl\/itchampions\/it-champions-2020\/\"]}]},{\"@type\":\"BreadcrumbList\",\"@id\":\"https:\/\/itreseller.pl\/itchampions\/it-champions-2020\/#breadcrumb\",\"itemListElement\":[{\"@type\":\"ListItem\",\"position\":1,\"name\":\"Strona g\u0142\u00f3wna\",\"item\":\"https:\/\/itreseller.pl\/itchampions\/\"},{\"@type\":\"ListItem\",\"position\":2,\"name\":\"IT CHAMPIONS 2020\"}]},{\"@type\":\"WebSite\",\"@id\":\"https:\/\/itreseller.pl\/itchampions\/#website\",\"url\":\"https:\/\/itreseller.pl\/itchampions\/\",\"name\":\"ITChampions\",\"description\":\"Mistrzowie nowych technologii\",\"potentialAction\":[{\"@type\":\"SearchAction\",\"target\":{\"@type\":\"EntryPoint\",\"urlTemplate\":\"https:\/\/itreseller.pl\/itchampions\/?s={search_term_string}\"},\"query-input\":\"required name=search_term_string\"}],\"inLanguage\":\"pl-PL\"}]}<\/script>\n<!-- \/ Yoast SEO plugin. -->","yoast_head_json":{"title":"IT CHAMPIONS 2020 - ITChampions","robots":{"index":"index","follow":"follow","max-snippet":"max-snippet:-1","max-image-preview":"max-image-preview:large","max-video-preview":"max-video-preview:-1"},"canonical":"https:\/\/itreseller.pl\/itchampions\/it-champions-2020\/","og_locale":"pl_PL","og_type":"article","og_title":"IT CHAMPIONS 2020 - ITChampions","og_description":"[vc_section full_width=&#8221;stretch_row_content&#8221; full_height=&#8221;yes&#8221; css=&#8221;.vc_custom_1615327487798{margin-bottom: 40px !important;}&#8221;][vc_row][vc_column css=&#8221;.vc_custom_1615327514203{padding-right: 0px !important;padding-left: 0px !important;}&#8221;][vc_video link=&#8221;https:\/\/www.youtube.com\/watch?v=_j8NTrtS4t4&amp;t&#8221; el_aspect=&#8221;235&#8243; align=&#8221;center&#8221;][\/vc_column][\/vc_row][\/vc_section][vc_row el_class=&#8221;edgtf-sidebar&#8221;][vc_column width=&#8221;3\/4&#8243;][vc_empty_space height=&#8221;10px&#8221;][vc_column_text]IT Reseller podczas uroczystej gali IT Champions 2020, w imieniu bran\u017cy, niezale\u017cnych dziennikarzy, a przede wszystkim czytelnik\u00f3w, uhonorowa\u0142 najlepsze firmy oraz lider\u00f3w bran\u017cy IT presti\u017cowymi nagrodami IT Champion 2020....","og_url":"https:\/\/itreseller.pl\/itchampions\/it-champions-2020\/","og_site_name":"ITChampions","article_modified_time":"2021-03-11T12:21:56+00:00","og_image":[{"url":"https:\/\/itreseller.pl\/wp-content\/uploads\/2020\/09\/GAM_6715.jpg"}],"twitter_card":"summary_large_image","twitter_misc":{"Szacowany czas czytania":"8 minut"},"schema":{"@context":"https:\/\/schema.org","@graph":[{"@type":"WebPage","@id":"https:\/\/itreseller.pl\/itchampions\/it-champions-2020\/","url":"https:\/\/itreseller.pl\/itchampions\/it-champions-2020\/","name":"IT CHAMPIONS 2020 - ITChampions","isPartOf":{"@id":"https:\/\/itreseller.pl\/itchampions\/#website"},"datePublished":"2021-03-09T21:42:00+00:00","dateModified":"2021-03-11T12:21:56+00:00","breadcrumb":{"@id":"https:\/\/itreseller.pl\/itchampions\/it-champions-2020\/#breadcrumb"},"inLanguage":"pl-PL","potentialAction":[{"@type":"ReadAction","target":["https:\/\/itreseller.pl\/itchampions\/it-champions-2020\/"]}]},{"@type":"BreadcrumbList","@id":"https:\/\/itreseller.pl\/itchampions\/it-champions-2020\/#breadcrumb","itemListElement":[{"@type":"ListItem","position":1,"name":"Strona g\u0142\u00f3wna","item":"https:\/\/itreseller.pl\/itchampions\/"},{"@type":"ListItem","position":2,"name":"IT CHAMPIONS 2020"}]},{"@type":"WebSite","@id":"https:\/\/itreseller.pl\/itchampions\/#website","url":"https:\/\/itreseller.pl\/itchampions\/","name":"ITChampions","description":"Mistrzowie nowych technologii","potentialAction":[{"@type":"SearchAction","target":{"@type":"EntryPoint","urlTemplate":"https:\/\/itreseller.pl\/itchampions\/?s={search_term_string}"},"query-input":"required name=search_term_string"}],"inLanguage":"pl-PL"}]}},"_links":{"self":[{"href":"https:\/\/itreseller.pl\/itchampions\/wp-json\/wp\/v2\/pages\/13187","targetHints":{"allow":["GET"]}}],"collection":[{"href":"https:\/\/itreseller.pl\/itchampions\/wp-json\/wp\/v2\/pages"}],"about":[{"href":"https:\/\/itreseller.pl\/itchampions\/wp-json\/wp\/v2\/types\/page"}],"author":[{"embeddable":true,"href":"https:\/\/itreseller.pl\/itchampions\/wp-json\/wp\/v2\/users\/1"}],"replies":[{"embeddable":true,"href":"https:\/\/itreseller.pl\/itchampions\/wp-json\/wp\/v2\/comments?post=13187"}],"version-history":[{"count":6,"href":"https:\/\/itreseller.pl\/itchampions\/wp-json\/wp\/v2\/pages\/13187\/revisions"}],"predecessor-version":[{"id":13242,"href":"https:\/\/itreseller.pl\/itchampions\/wp-json\/wp\/v2\/pages\/13187\/revisions\/13242"}],"wp:attachment":[{"href":"https:\/\/itreseller.pl\/itchampions\/wp-json\/wp\/v2\/media?parent=13187"}],"curies":[{"name":"wp","href":"https:\/\/api.w.org\/{rel}","templated":true}]}}